 {"id":8821,"date":"2017-05-26T01:27:39","date_gmt":"2017-05-26T00:27:39","guid":{"rendered":"http:\/\/rugbyhospitalet.cat\/?page_id=8821"},"modified":"2021-10-05T12:18:40","modified_gmt":"2021-10-05T11:18:40","slug":"fotografies-de-la-plantilla-senior-nacional-jugadors-rugby-club-lhospitalet-temporada-2018-2019-primer-equip-territorial","status":"publish","type":"page","link":"https:\/\/rugbyhospitalet.cat\/index.php\/equipos\/senior-nacional\/fotografies-de-la-plantilla-senior-nacional-jugadors-rugby-club-lhospitalet-temporada-2018-2019-primer-equip-territorial\/","title":{"rendered":"Plantilla"},"content":{"rendered":"<p><a href=\"http:\/\/rugbyhospitalet.cat\/?page_id=8821\">Plantilla<\/a> | <a href=\"http:\/\/rugbyhospitalet.cat\/?page_id=97\">Calendari <\/a>| <a href=\"http:\/\/rugbyhospitalet.cat\/?page_id=93\">Classificaci\u00f3<\/a> | <a href=\"http:\/\/rugbyhospitalet.cat\/?page_id=8787\">Fotos<\/a><\/p>\n<h2>Plantilla senior temporada 2021\/2022<\/h2>\n<table style=\"height: 705px; width: 87.3807%; border-style: solid;\">\n<tbody>\n<tr style=\"height: 19px;\">\n<td style=\"height: 19px; width: 7.97524%; text-align: center;\"><span style=\"color: #000000;\"><strong>FOTO<\/strong><\/span><\/td>\n<td style=\"width: 29.6351%; text-align: center; height: 19px;\"><span style=\"color: #000000;\"><strong>NOM<\/strong><strong><br \/>\n<\/strong><\/span><\/td>\n<td style=\"height: 19px; width: 17.3957%; text-align: center;\"><span style=\"color: #000000;\"><strong>POSICI\u00d3<\/strong><\/span><\/td>\n<td style=\"height: 19px; width: 18.2942%;\"><span style=\"color: #000000;\"><strong>AL\u00c7ADA<\/strong><\/span><\/td>\n<td style=\"height: 19px; width: 16.9346%;\"><span style=\"color: #000000;\"><strong>PES<\/strong><\/span><\/td>\n<\/tr>\n<tr style=\"height: 21px;\">\n<td style=\"width: 7.97524%; text-align: center; height: 21px;\"><a href=\"https:\/\/photos.google.com\/u\/2\/album\/AF1QipO07RbOAr-H7uU4gMfILQUmJLb4mbh0xugQ47lM\/photo\/AF1QipNKmOiwKwkfsuzTws7Qk9O43AlBIJy_g7A5rO-o\"><span style=\"color: #333399;\">Foto<\/span><\/a><\/td>\n<td style=\"width: 29.6351%; height: 21px; text-align: left;\"><span style=\"color: #000000;\">Gustavo Joel Bastias<\/span><\/td>\n<td style=\"width: 17.3957%; text-align: center; height: 21px;\"><span style=\"color: #000080;\">Primera l\u00ednia<\/span><\/td>\n<td style=\"width: 18.2942%; height: 21px;\"><span style=\"color: #333399;\">180<\/span><\/td>\n<td style=\"width: 16.9346%; height: 21px;\"><span style=\"color: #333399;\">125<\/span><\/td>\n<\/tr>\n<tr style=\"height: 19px;\">\n<td style=\"height: 19px; width: 7.97524%;\"><a href=\"https:\/\/photos.google.com\/u\/2\/album\/AF1QipO07RbOAr-H7uU4gMfILQUmJLb4mbh0xugQ47lM\/photo\/AF1QipNzmtzT4Ib1MT2M0kU9g6b1h7UrEEtXgZMnq6iu\"><span style=\"color: #333399;\">Foto<\/span><\/a><\/td>\n<td style=\"width: 29.6351%; height: 19px; text-align: left;\">Francisco Recalde<\/td>\n<td style=\"height: 19px; width: 17.3957%;\">Primera l\u00ednia<\/td>\n<td style=\"height: 19px; width: 18.2942%;\">170<\/td>\n<td style=\"height: 19px; width: 16.9346%;\">70<\/td>\n<\/tr>\n<tr style=\"height: 19px;\">\n<td style=\"height: 19px; width: 7.97524%;\"><a href=\"https:\/\/photos.google.com\/u\/2\/album\/AF1QipO07RbOAr-H7uU4gMfILQUmJLb4mbh0xugQ47lM\/photo\/AF1QipN2rHcfvqs_U_ckrlBqRBKigZpMdaG012dDhaJQ\"><span style=\"color: #333399;\">Foto<\/span><\/a><\/td>\n<td style=\"width: 29.6351%; height: 19px; text-align: left;\">\u00d2scar Mato<\/td>\n<td style=\"height: 19px; width: 17.3957%;\"><span style=\"color: #000080;\">Primera l\u00ednia<\/span><\/td>\n<td style=\"height: 19px; width: 18.2942%;\">177<\/td>\n<td style=\"height: 19px; width: 16.9346%;\">107<\/td>\n<\/tr>\n<tr style=\"height: 19px;\">\n<td style=\"height: 19px; width: 7.97524%;\"><a href=\"https:\/\/photos.google.com\/u\/2\/album\/AF1QipO07RbOAr-H7uU4gMfILQUmJLb4mbh0xugQ47lM\/photo\/AF1QipMOOHezIS0rUr3p4zAsK459TTCVKGbDUucKCIxq\"><span style=\"color: #333399;\">Foto<\/span><\/a><\/td>\n<td style=\"width: 29.6351%; height: 19px; text-align: left;\">Gerard Blasco<\/td>\n<td style=\"height: 19px; width: 17.3957%;\"><span style=\"color: #000080;\">Primera l\u00ednia<\/span><\/td>\n<td style=\"height: 19px; width: 18.2942%;\">170<\/td>\n<td style=\"height: 19px; width: 16.9346%;\">106<\/td>\n<\/tr>\n<tr style=\"height: 19px;\">\n<td style=\"height: 19px; width: 7.97524%;\"><span style=\"color: #333399;\">Foto<\/span><\/td>\n<td style=\"width: 29.6351%; height: 19px; text-align: left;\">Antonio Pomarol<\/td>\n<td style=\"height: 19px; width: 17.3957%;\"><span style=\"color: #000080;\">Primera l\u00ednia<\/span><\/td>\n<td style=\"height: 19px; width: 18.2942%;\">174<\/td>\n<td style=\"height: 19px; width: 16.9346%;\">100<\/td>\n<\/tr>\n<tr style=\"height: 19px;\">\n<td style=\"height: 19px; width: 7.97524%;\"><a href=\"https:\/\/photos.google.com\/u\/2\/album\/AF1QipO07RbOAr-H7uU4gMfILQUmJLb4mbh0xugQ47lM\/photo\/AF1QipOritgd8zSEXnjUuLxHiJKwEn-VlyGAR4kxZCfO\"><span style=\"color: #333399;\">Foto<\/span><\/a><\/td>\n<td style=\"width: 29.6351%; height: 19px; text-align: left;\">Mat\u00edas Arroyo<\/td>\n<td style=\"height: 19px; width: 17.3957%;\"><span style=\"color: #000080;\">Primera l\u00ednia<\/span><\/td>\n<td style=\"height: 19px; width: 18.2942%;\">165<\/td>\n<td style=\"height: 19px; width: 16.9346%;\">101<\/td>\n<\/tr>\n<tr style=\"height: 19px;\">\n<td style=\"height: 19px; width: 7.97524%;\"><a href=\"https:\/\/photos.google.com\/u\/2\/album\/AF1QipO07RbOAr-H7uU4gMfILQUmJLb4mbh0xugQ47lM\/photo\/AF1QipP2Ky54wa6SiAjmpapEon1zU1ctgS5Qd-pT7sAa\"><span style=\"color: #333399;\">Foto<\/span><\/a><\/td>\n<td style=\"width: 29.6351%; height: 19px; text-align: left;\">Juan BenitoTorres<\/td>\n<td style=\"height: 19px; width: 17.3957%;\"><span style=\"color: #000080;\">Primera l\u00ednia<\/span><\/td>\n<td style=\"height: 19px; width: 18.2942%;\">170<\/td>\n<td style=\"height: 19px; width: 16.9346%;\">86<\/td>\n<\/tr>\n<tr style=\"height: 19px;\">\n<td style=\"height: 19px; width: 7.97524%;\"><a href=\"https:\/\/photos.google.com\/u\/2\/album\/AF1QipO07RbOAr-H7uU4gMfILQUmJLb4mbh0xugQ47lM\/photo\/AF1QipOyDwxse8R9Bd4BB6lD5fcz-5eT0fPLz0niYhk-\"><span style=\"color: #333399;\">Foto<\/span><\/a><\/td>\n<td style=\"width: 29.6351%; height: 19px; text-align: left;\">\u00c1lex S\u00e1nchez<\/td>\n<td style=\"height: 19px; width: 17.3957%;\"><span style=\"color: #000080;\">Primera l\u00ednia<\/span><\/td>\n<td style=\"height: 19px; width: 18.2942%;\">177<\/td>\n<td style=\"height: 19px; width: 16.9346%;\">103<\/td>\n<\/tr>\n<tr style=\"height: 19px;\">\n<td style=\"height: 19px; width: 7.97524%;\"><a href=\"https:\/\/photos.google.com\/u\/2\/album\/AF1QipO07RbOAr-H7uU4gMfILQUmJLb4mbh0xugQ47lM\/photo\/AF1QipP4PxuChYVPMmKyXvGY9E55Ljc-rpvfj954hamD\/edit\"><span style=\"color: #333399;\">Foto<\/span><\/a><\/td>\n<td style=\"width: 29.6351%; height: 19px; text-align: left;\">Mat\u00edas Ponti<\/td>\n<td style=\"height: 19px; width: 17.3957%;\"><span style=\"color: #000080;\">Primera l\u00ednia<\/span><\/td>\n<td style=\"height: 19px; width: 18.2942%;\">177<\/td>\n<td style=\"height: 19px; width: 16.9346%;\">100<\/td>\n<\/tr>\n<tr style=\"height: 19px;\">\n<td style=\"height: 19px; width: 7.97524%;\"><a href=\"https:\/\/photos.google.com\/u\/2\/album\/AF1QipO07RbOAr-H7uU4gMfILQUmJLb4mbh0xugQ47lM\/photo\/AF1QipPmHePhl2_c4hV94NP6x3n3bQUfBbxg1sp81AOq\"><span style=\"color: #333399;\">Foto<\/span><\/a><\/td>\n<td style=\"width: 29.6351%; height: 19px; text-align: left;\">Paata Gagoshidze<\/td>\n<td style=\"height: 19px; width: 17.3957%;\">Segona l\u00ednia<\/td>\n<td style=\"height: 19px; width: 18.2942%;\">188<\/td>\n<td style=\"height: 19px; width: 16.9346%;\">118<\/td>\n<\/tr>\n<tr style=\"height: 19px;\">\n<td style=\"height: 19px; width: 7.97524%;\"><a href=\"https:\/\/photos.google.com\/u\/2\/album\/AF1QipO07RbOAr-H7uU4gMfILQUmJLb4mbh0xugQ47lM\/photo\/AF1QipOlBdA3c04fpFbjGHZs4JLH2wTkW0M5OCVKnHLF\/edit\"><span style=\"color: #333399;\">Foto<\/span><\/a><\/td>\n<td style=\"width: 29.6351%; height: 19px; text-align: left;\">Erik Fajardo<\/td>\n<td style=\"height: 19px; width: 17.3957%;\">Segona l\u00ednia<\/td>\n<td style=\"height: 19px; width: 18.2942%;\">185<\/td>\n<td style=\"height: 19px; width: 16.9346%;\">110<\/td>\n<\/tr>\n<tr style=\"height: 19px;\">\n<td style=\"height: 19px; width: 7.97524%;\"><span style=\"color: #333399;\">Foto<\/span><\/td>\n<td style=\"width: 29.6351%; height: 19px; text-align: left;\">Alfonso Puras<\/td>\n<td style=\"height: 19px; width: 17.3957%;\">Segona l\u00ednia<\/td>\n<td style=\"height: 19px; width: 18.2942%;\">185<\/td>\n<td style=\"height: 19px; width: 16.9346%;\">95<\/td>\n<\/tr>\n<tr style=\"height: 19px;\">\n<td style=\"height: 19px; width: 7.97524%;\"><a href=\"https:\/\/photos.google.com\/u\/2\/album\/AF1QipO07RbOAr-H7uU4gMfILQUmJLb4mbh0xugQ47lM\/photo\/AF1QipNRYNMJmG7Yc8ezSRgVcTvRYPfWxizANqXQexFL\/edit\"><span style=\"color: #333399;\">Foto<\/span><\/a><\/td>\n<td style=\"width: 29.6351%; height: 19px; text-align: left;\">Nahuel Dovalo<\/td>\n<td style=\"height: 19px; width: 17.3957%;\">Segona l\u00ednia<\/td>\n<td style=\"height: 19px; width: 18.2942%;\">190<\/td>\n<td style=\"height: 19px; width: 16.9346%;\">100<\/td>\n<\/tr>\n<tr style=\"height: 19px;\">\n<td style=\"height: 19px; width: 7.97524%;\"><a href=\"https:\/\/photos.google.com\/u\/2\/album\/AF1QipO07RbOAr-H7uU4gMfILQUmJLb4mbh0xugQ47lM\/photo\/AF1QipMQ8tS5luzefrAGWFDBDkw7TftfDYTpMVV7Q-Wx\"><span style=\"color: #333399;\">Foto<\/span><\/a><\/td>\n<td style=\"width: 29.6351%; height: 19px; text-align: left;\">Josep Mir\u00f3<\/td>\n<td style=\"height: 19px; width: 17.3957%;\">Segona l\u00ednia<\/td>\n<td style=\"height: 19px; width: 18.2942%;\">190<\/td>\n<td style=\"height: 19px; width: 16.9346%;\">100<\/td>\n<\/tr>\n<tr style=\"height: 19px;\">\n<td style=\"height: 19px; width: 7.97524%;\"><a href=\"https:\/\/photos.google.com\/u\/2\/album\/AF1QipO07RbOAr-H7uU4gMfILQUmJLb4mbh0xugQ47lM\/photo\/AF1QipMjEGHi4btuJ_Nrpqp6KUXNqmTBq4D7ScpIqtvR\"><span style=\"color: #333399;\">Foto<\/span><\/a><\/td>\n<td style=\"width: 29.6351%; height: 19px; text-align: left;\">Mateo Mudrovici<\/td>\n<td style=\"height: 19px; width: 17.3957%;\">Tercera l\u00ednia<\/td>\n<td style=\"height: 19px; width: 18.2942%;\">187<\/td>\n<td style=\"height: 19px; width: 16.9346%;\">99<\/td>\n<\/tr>\n<tr style=\"height: 19px;\">\n<td style=\"height: 19px; width: 7.97524%;\"><a href=\"https:\/\/photos.google.com\/u\/2\/album\/AF1QipO07RbOAr-H7uU4gMfILQUmJLb4mbh0xugQ47lM\/photo\/AF1QipOb2P4CHtOl57EpKiKkcL3jSvmwmPPPrxOkqA4Q\/edit\"><span style=\"color: #333399;\">Foto<\/span><\/a><\/td>\n<td style=\"width: 29.6351%; height: 19px; text-align: left;\">Jer\u00f3nimo Malato<\/td>\n<td style=\"height: 19px; width: 17.3957%;\">Tercera l\u00ednia<\/td>\n<td style=\"height: 19px; width: 18.2942%;\">188<\/td>\n<td style=\"height: 19px; width: 16.9346%;\">95<\/td>\n<\/tr>\n<tr style=\"height: 19px;\">\n<td style=\"height: 19px; width: 7.97524%;\"><a href=\"https:\/\/photos.google.com\/u\/2\/album\/AF1QipO07RbOAr-H7uU4gMfILQUmJLb4mbh0xugQ47lM\/photo\/AF1QipNV-3eyvoMUTEYrowh1qHzSj0J_uAvrXRndbu0W\/edit\"><span style=\"color: #333399;\">Foto<\/span><\/a><\/td>\n<td style=\"width: 29.6351%; height: 19px; text-align: left;\">Dami\u00e1n Orozco<\/td>\n<td style=\"height: 19px; width: 17.3957%;\">Tercera l\u00ednia<\/td>\n<td style=\"height: 19px; width: 18.2942%;\">176<\/td>\n<td style=\"height: 19px; width: 16.9346%;\">84<\/td>\n<\/tr>\n<tr style=\"height: 19px;\">\n<td style=\"height: 19px; width: 7.97524%;\"><a href=\"https:\/\/photos.google.com\/u\/2\/album\/AF1QipO07RbOAr-H7uU4gMfILQUmJLb4mbh0xugQ47lM\/photo\/AF1QipOwvHVveddMeliVUT9rwmVrd1uvaRXBrssPfavm\"><span style=\"color: #333399;\">Foto<\/span><\/a><\/td>\n<td style=\"width: 29.6351%; height: 19px; text-align: left;\">Mart\u00ed Tavira<\/td>\n<td style=\"height: 19px; width: 17.3957%;\">Tercera l\u00ednia<\/td>\n<td style=\"height: 19px; width: 18.2942%;\">174<\/td>\n<td style=\"height: 19px; width: 16.9346%;\">85<\/td>\n<\/tr>\n<tr style=\"height: 19px;\">\n<td style=\"height: 19px; width: 7.97524%;\"><a href=\"https:\/\/photos.google.com\/u\/2\/album\/AF1QipO07RbOAr-H7uU4gMfILQUmJLb4mbh0xugQ47lM\/photo\/AF1QipOzVKKXtBalbzOFsVcy_XHbpg97Nip6DR9LZ4AB\"><span style=\"color: #333399;\">Foto<\/span><\/a><\/td>\n<td style=\"width: 29.6351%; height: 19px; text-align: left;\">Carles Ferrer<\/td>\n<td style=\"height: 19px; width: 17.3957%;\">Tercera l\u00ednia<\/td>\n<td style=\"height: 19px; width: 18.2942%;\">190<\/td>\n<td style=\"height: 19px; width: 16.9346%;\">96<\/td>\n<\/tr>\n<tr style=\"height: 19px;\">\n<td style=\"height: 19px; width: 7.97524%;\"><a href=\"https:\/\/photos.google.com\/u\/2\/album\/AF1QipO07RbOAr-H7uU4gMfILQUmJLb4mbh0xugQ47lM\/photo\/AF1QipOQusYnaDxmARnz2DFUYfKm2oEdju2gP3e7J_0q\"><span style=\"color: #333399;\">Foto<\/span><\/a><\/td>\n<td style=\"width: 29.6351%; height: 19px; text-align: left;\">Antonio Alonso<\/td>\n<td style=\"height: 19px; width: 17.3957%;\">Mig de mel\u00e9<\/td>\n<td style=\"height: 19px; width: 18.2942%;\">177<\/td>\n<td style=\"height: 19px; width: 16.9346%;\">80<\/td>\n<\/tr>\n<tr style=\"height: 19px;\">\n<td style=\"height: 19px; width: 7.97524%;\"><a href=\"https:\/\/photos.google.com\/u\/2\/album\/AF1QipO07RbOAr-H7uU4gMfILQUmJLb4mbh0xugQ47lM\/photo\/AF1QipNSOQdp2bduN7Ga93AX9rv0ALEaeUqd1wj1qdJV\"><span style=\"color: #333399;\">Foto<\/span><\/a><\/td>\n<td style=\"width: 29.6351%; height: 19px; text-align: left;\">Ilich Duarte<\/td>\n<td style=\"height: 19px; width: 17.3957%;\">Mig de mel\u00e9<\/td>\n<td style=\"height: 19px; width: 18.2942%;\">165<\/td>\n<td style=\"height: 19px; width: 16.9346%;\">70<\/td>\n<\/tr>\n<tr style=\"height: 19px;\">\n<td style=\"height: 19px; width: 7.97524%;\"><a href=\"https:\/\/photos.google.com\/u\/2\/album\/AF1QipO07RbOAr-H7uU4gMfILQUmJLb4mbh0xugQ47lM\/photo\/AF1QipNe_iqFfW2HpXjs7JoSBRluMYewQfsr2AThIgTv\"><span style=\"color: #333399;\">Foto<\/span><\/a><\/td>\n<td style=\"width: 29.6351%; height: 19px; text-align: left;\">Erik Fern\u00e1ndez<\/td>\n<td style=\"height: 19px; width: 17.3957%;\">Mig de mel\u00e9<\/td>\n<td style=\"height: 19px; width: 18.2942%;\">177<\/td>\n<td style=\"height: 19px; width: 16.9346%;\">78<\/td>\n<\/tr>\n<tr style=\"height: 19px;\">\n<td style=\"height: 19px; width: 7.97524%;\"><a href=\"https:\/\/photos.google.com\/u\/2\/album\/AF1QipO07RbOAr-H7uU4gMfILQUmJLb4mbh0xugQ47lM\/photo\/AF1QipM87bZeMIb1gKzt2FEJ0e_e90fUCEMjtY_glvJa\"><span style=\"color: #333399;\">Foto<\/span><\/a><\/td>\n<td style=\"width: 29.6351%; height: 19px; text-align: left;\">Miguel Gama<\/td>\n<td style=\"height: 19px; width: 17.3957%;\">Apertura<\/td>\n<td style=\"height: 19px; width: 18.2942%;\">188<\/td>\n<td style=\"height: 19px; width: 16.9346%;\">84<\/td>\n<\/tr>\n<tr style=\"height: 19px;\">\n<td style=\"height: 19px; width: 7.97524%;\"><span style=\"color: #333399;\">Foto<\/span><\/td>\n<td style=\"width: 29.6351%; height: 19px; text-align: left;\">Juan Wilson<\/td>\n<td style=\"height: 19px; width: 17.3957%;\">Apertura<\/td>\n<td style=\"height: 19px; width: 18.2942%;\"><\/td>\n<td style=\"height: 19px; width: 16.9346%;\"><\/td>\n<\/tr>\n<tr style=\"height: 19px;\">\n<td style=\"height: 19px; width: 7.97524%;\"><a href=\"https:\/\/photos.google.com\/u\/2\/album\/AF1QipO07RbOAr-H7uU4gMfILQUmJLb4mbh0xugQ47lM\/photo\/AF1QipNgCd5B37TVEd0IubmvcRMw3TpmhaZ_SXfglyLl\"><span style=\"color: #333399;\">Foto<\/span><\/a><\/td>\n<td style=\"width: 29.6351%; height: 19px; text-align: left;\">Carlos Fern\u00e1ndez<\/td>\n<td style=\"height: 19px; width: 17.3957%;\">Centre<\/td>\n<td style=\"height: 19px; width: 18.2942%;\">182<\/td>\n<td style=\"height: 19px; width: 16.9346%;\">85<\/td>\n<\/tr>\n<tr style=\"height: 19px;\">\n<td style=\"height: 19px; width: 7.97524%;\"><a href=\"https:\/\/photos.google.com\/u\/2\/album\/AF1QipO07RbOAr-H7uU4gMfILQUmJLb4mbh0xugQ47lM\/photo\/AF1QipPBtOizLJTwdn7THMAWh_zs9r-Hsi3i2Xu56fwB\"><span style=\"color: #333399;\">Foto<\/span><\/a><\/td>\n<td style=\"width: 29.6351%; height: 19px; text-align: left;\">Estanislao Camardon<\/td>\n<td style=\"height: 19px; width: 17.3957%;\">Centre<\/td>\n<td style=\"height: 19px; width: 18.2942%;\">187<\/td>\n<td style=\"height: 19px; width: 16.9346%;\">88<\/td>\n<\/tr>\n<tr style=\"height: 19px;\">\n<td style=\"height: 19px; width: 7.97524%;\"><a href=\"https:\/\/photos.google.com\/u\/2\/album\/AF1QipO07RbOAr-H7uU4gMfILQUmJLb4mbh0xugQ47lM\/photo\/AF1QipP3xNVfgxWrzwqlgTnpJ7l00Nnvf37S90c-dl8T\"><span style=\"color: #333399;\">Foto<\/span><\/a><\/td>\n<td style=\"width: 29.6351%; height: 19px; text-align: left;\">F\u00e9lix Valls<\/td>\n<td style=\"height: 19px; width: 17.3957%;\">Centre<\/td>\n<td style=\"height: 19px; width: 18.2942%;\">187<\/td>\n<td style=\"height: 19px; width: 16.9346%;\">75<\/td>\n<\/tr>\n<tr style=\"height: 19px;\">\n<td style=\"height: 19px; width: 7.97524%;\"><a href=\"https:\/\/photos.google.com\/u\/2\/album\/AF1QipO07RbOAr-H7uU4gMfILQUmJLb4mbh0xugQ47lM\/photo\/AF1QipMScRvVaZwD7tc6BaQsqYh-ljsXnVht6MjD7UGw\"><span style=\"color: #333399;\">Foto<\/span><\/a><\/td>\n<td style=\"width: 29.6351%; height: 19px; text-align: left;\">Facundo S\u00e1nchez<\/td>\n<td style=\"height: 19px; width: 17.3957%;\">Centre<\/td>\n<td style=\"height: 19px; width: 18.2942%;\">176<\/td>\n<td style=\"height: 19px; width: 16.9346%;\">73<\/td>\n<\/tr>\n<tr style=\"height: 19px;\">\n<td style=\"height: 19px; width: 7.97524%;\"><a href=\"https:\/\/photos.google.com\/u\/2\/album\/AF1QipO07RbOAr-H7uU4gMfILQUmJLb4mbh0xugQ47lM\/photo\/AF1QipPryPFWz23NjiEzC4nLlFtb9QMmfzPBdIHTGu9-\"><span style=\"color: #333399;\">Foto<\/span><\/a><\/td>\n<td style=\"width: 29.6351%; height: 19px; text-align: left;\">Claudiu Ardelean<\/td>\n<td style=\"height: 19px; width: 17.3957%;\">Centre<\/td>\n<td style=\"height: 19px; width: 18.2942%;\">175<\/td>\n<td style=\"height: 19px; width: 16.9346%;\">80<\/td>\n<\/tr>\n<tr style=\"height: 19px;\">\n<td style=\"height: 19px; width: 7.97524%;\"><a href=\"https:\/\/photos.google.com\/u\/2\/album\/AF1QipO07RbOAr-H7uU4gMfILQUmJLb4mbh0xugQ47lM\/photo\/AF1QipMFUyCljL7430z5j2eOaQWtM471uxw4USPd9ANz\"><span style=\"color: #333399;\">Foto<\/span><\/a><\/td>\n<td style=\"width: 29.6351%; height: 19px; text-align: left;\">Tanguy Mata<\/td>\n<td style=\"height: 19px; width: 17.3957%;\">Ala<\/td>\n<td style=\"height: 19px; width: 18.2942%;\">174<\/td>\n<td style=\"height: 19px; width: 16.9346%;\">77<\/td>\n<\/tr>\n<tr style=\"height: 19px;\">\n<td style=\"height: 19px; width: 7.97524%;\"><a href=\"https:\/\/photos.google.com\/u\/2\/album\/AF1QipO07RbOAr-H7uU4gMfILQUmJLb4mbh0xugQ47lM\/photo\/AF1QipOEegKa-Zsl3uPZFrXS1I_4VEQGY8_AoFA4cTZD\"><span style=\"color: #333399;\">Foto<\/span><\/a><\/td>\n<td style=\"width: 29.6351%; height: 19px; text-align: left;\">Marc Principal<\/td>\n<td style=\"height: 19px; width: 17.3957%;\">Ala<\/td>\n<td style=\"height: 19px; width: 18.2942%;\">185<\/td>\n<td style=\"height: 19px; width: 16.9346%;\">75<\/td>\n<\/tr>\n<tr style=\"height: 19px;\">\n<td style=\"height: 19px; width: 7.97524%;\"><a href=\"https:\/\/photos.google.com\/u\/2\/album\/AF1QipO07RbOAr-H7uU4gMfILQUmJLb4mbh0xugQ47lM\/photo\/AF1QipN0t2wfkzMMEm3urNlO7cndkNGTYSk0wjNqlMFG\"><span style=\"color: #333399;\">Foto<\/span><\/a><\/td>\n<td style=\"width: 29.6351%; height: 19px; text-align: left;\">Juan Cruz Gonz\u00e1lez<\/td>\n<td style=\"height: 19px; width: 17.3957%;\">Back<\/td>\n<td style=\"height: 19px; width: 18.2942%;\">170<\/td>\n<td style=\"height: 19px; width: 16.9346%;\">74<\/td>\n<\/tr>\n<tr style=\"height: 19px;\">\n<td style=\"height: 19px; width: 7.97524%;\"><a href=\"https:\/\/photos.google.com\/u\/2\/album\/AF1QipO07RbOAr-H7uU4gMfILQUmJLb4mbh0xugQ47lM\/photo\/AF1QipOaeD4BBwcVyzT4bc5CR1YwjoRiOFTxw5VigPDs\/edit\">Foto<\/a><\/td>\n<td style=\"width: 29.6351%; height: 19px; text-align: left;\">Alejandro Chamero<\/td>\n<td style=\"height: 19px; width: 17.3957%;\">Back<\/td>\n<td style=\"height: 19px; width: 18.2942%;\">177<\/td>\n<td style=\"height: 19px; width: 16.9346%;\">80<\/td>\n<\/tr>\n<tr style=\"height: 19px;\">\n<td style=\"height: 19px; width: 7.97524%;\"><span style=\"color: #333399;\">Foto<\/span><\/td>\n<td style=\"width: 29.6351%; height: 19px; text-align: left;\">Kevin de Lana<\/td>\n<td style=\"height: 19px; width: 17.3957%;\">Back<\/td>\n<td style=\"height: 19px; width: 18.2942%;\">185<\/td>\n<td style=\"height: 19px; width: 16.9346%;\">80<\/td>\n<\/tr>\n<tr style=\"height: 19px;\">\n<td style=\"height: 19px; width: 7.97524%;\"><a href=\"https:\/\/photos.google.com\/u\/2\/album\/AF1QipO07RbOAr-H7uU4gMfILQUmJLb4mbh0xugQ47lM\/photo\/AF1QipM8xs3bJ7lIhxSF3uPdnPUw_zy1gZOPtYhH2tGD\"><span style=\"color: #333399;\">Foto<\/span><\/a><\/td>\n<td style=\"width: 29.6351%; height: 19px; text-align: left;\">H\u00e9ctor Alonso<\/td>\n<td style=\"height: 19px; width: 17.3957%;\">Back<\/td>\n<td style=\"height: 19px; width: 18.2942%;\">180<\/td>\n<td style=\"height: 19px; width: 16.9346%;\">80<\/td>\n<\/tr>\n<tr style=\"height: 19px;\">\n<td style=\"height: 19px; width: 7.97524%;\"><\/td>\n<td style=\"width: 29.6351%; height: 19px;\"><\/td>\n<td style=\"height: 19px; width: 17.3957%;\"><\/td>\n<td style=\"height: 19px; width: 18.2942%;\"><\/td>\n<td style=\"height: 19px; width: 16.9346%;\"><\/td>\n<\/tr>\n<\/tbody>\n<\/table>\n<h2>staff t\u00c8cnic<\/h2>\n<table style=\"width: 34.8357%; height: 114px;\">\n<tbody>\n<tr style=\"height: 19px;\">\n<td style=\"width: 9.4482%; height: 19px;\"><span style=\"color: #000080;\"><strong>Jordi Molinero<\/strong><\/span><\/td>\n<td style=\"width: 1.37363%; height: 19px;\"><span style=\"color: #ff9900;\">Entrenador<\/span><\/td>\n<\/tr>\n<tr style=\"height: 19px;\">\n<td style=\"text-align: center; width: 9.4482%; height: 19px;\"><span style=\"color: #000080;\"><strong>Mateo Gastaldi<\/strong><\/span><\/td>\n<td style=\"text-align: center; width: 1.37363%; height: 19px;\"><span style=\"color: #ff9900;\">Entrenador\/PF<\/span><\/td>\n<\/tr>\n<tr style=\"height: 19px;\">\n<td style=\"text-align: center; width: 9.4482%; height: 19px;\"><span style=\"color: #000080;\"><strong>Jordi S\u00e1nchez<\/strong><\/span><\/td>\n<td style=\"text-align: center; width: 1.37363%; height: 19px;\"><span style=\"color: #ff9900;\">Entrenador<\/span><\/td>\n<\/tr>\n<tr style=\"height: 19px;\">\n<td style=\"text-align: center; width: 9.4482%; height: 19px;\"><span style=\"color: #000080;\"><strong>Diego Merino<\/strong><\/span><\/td>\n<td style=\"text-align: center; width: 1.37363%; height: 19px;\"><span style=\"color: #ff9900;\">Delegat<\/span><\/td>\n<\/tr>\n<\/tbody>\n<\/table>\n","protected":false},"excerpt":{"rendered":"<p>Plantilla | Calendari | Classificaci\u00f3 | Fotos Plantilla senior temporada 2021\/2022 FOTO NOM POSICI\u00d3 AL\u00c7ADA PES Foto Gustavo Joel Bastias Primera l\u00ednia 180 125 Foto Francisco Recalde Primera l\u00ednia 170 [&hellip;]<\/p>\n","protected":false},"author":17,"featured_media":0,"parent":8817,"menu_order":0,"comment_status":"closed","ping_status":"closed","template":"","meta":{"_et_pb_use_builder":"","_et_pb_old_content":"","_et_gb_content_width":"","_exactmetrics_skip_tracking":false,"footnotes":""},"class_list":["post-8821","page","type-page","status-publish","hentry"],"yoast_head":"<!-- This site is optimized with the Yoast SEO plugin v28.4 - https:\/\/yoast.com\/product\/yoast-seo-wordpress\/ -->\n<title>Plantilla &#183; Rugby Club L&#039;Hospitalet rugby club l&#039;Hospitalet<\/title>\n<meta name=\"description\" content=\"Fotografies de la plantilla s\u00e8nior nacional jugadors rugby club l&#039;Hospitalet temporada 2018 2019 primer equip territorial\" \/>\n<meta name=\"robots\" content=\"index, follow, max-snippet:-1, max-image-preview:large, max-video-preview:-1\" \/>\n<link rel=\"canonical\" href=\"https:\/\/rugbyhospitalet.cat\/index.php\/equipos\/senior-nacional\/fotografies-de-la-plantilla-senior-nacional-jugadors-rugby-club-lhospitalet-temporada-2018-2019-primer-equip-territorial\/\" \/>\n<script type=\"application\/ld+json\" class=\"yoast-schema-graph\">{\"@context\":\"https:\\\/\\\/schema.org\",\"@graph\":[{\"@type\":\"BreadcrumbList\",\"@id\":\"https:\\\/\\\/rugbyhospitalet.cat\\\/index.php\\\/equipos\\\/senior-nacional\\\/fotografies-de-la-plantilla-senior-nacional-jugadors-rugby-club-lhospitalet-temporada-2018-2019-primer-equip-territorial\\\/#breadcrumb\",\"itemListElement\":[{\"@type\":\"ListItem\",\"position\":1,\"name\":\"Inici\",\"item\":\"https:\\\/\\\/rugbyhospitalet.cat\\\/\"},{\"@type\":\"ListItem\",\"position\":2,\"name\":\"Equips temporada 2022\\\/2023\",\"item\":\"https:\\\/\\\/rugbyhospitalet.cat\\\/index.php\\\/equipos\\\/\"},{\"@type\":\"ListItem\",\"position\":3,\"name\":\"S\u00c8NIOR A\",\"item\":\"https:\\\/\\\/rugbyhospitalet.cat\\\/index.php\\\/equipos\\\/senior-nacional\\\/\"},{\"@type\":\"ListItem\",\"position\":4,\"name\":\"Plantilla\"}]}]}<\/script>\n<!-- \/ Yoast SEO plugin. -->","yoast_head_json":{"title":"Plantilla &#183; Rugby Club L&#039;Hospitalet rugby club l'Hospitalet","description":"Fotografies de la plantilla s\u00e8nior nacional jugadors rugby club l'Hospitalet temporada 2018 2019 primer equip territorial","robots":{"index":"index","follow":"follow","max-snippet":"max-snippet:-1","max-image-preview":"max-image-preview:large","max-video-preview":"max-video-preview:-1"},"canonical":"https:\/\/rugbyhospitalet.cat\/index.php\/equipos\/senior-nacional\/fotografies-de-la-plantilla-senior-nacional-jugadors-rugby-club-lhospitalet-temporada-2018-2019-primer-equip-territorial\/","schema":{"@context":"https:\/\/schema.org","@graph":[{"@type":"BreadcrumbList","@id":"https:\/\/rugbyhospitalet.cat\/index.php\/equipos\/senior-nacional\/fotografies-de-la-plantilla-senior-nacional-jugadors-rugby-club-lhospitalet-temporada-2018-2019-primer-equip-territorial\/#breadcrumb","itemListElement":[{"@type":"ListItem","position":1,"name":"Inici","item":"https:\/\/rugbyhospitalet.cat\/"},{"@type":"ListItem","position":2,"name":"Equips temporada 2022\/2023","item":"https:\/\/rugbyhospitalet.cat\/index.php\/equipos\/"},{"@type":"ListItem","position":3,"name":"S\u00c8NIOR A","item":"https:\/\/rugbyhospitalet.cat\/index.php\/equipos\/senior-nacional\/"},{"@type":"ListItem","position":4,"name":"Plantilla"}]}]}},"_links":{"self":[{"href":"https:\/\/rugbyhospitalet.cat\/index.php\/wp-json\/wp\/v2\/pages\/8821","targetHints":{"allow":["GET"]}}],"collection":[{"href":"https:\/\/rugbyhospitalet.cat\/index.php\/wp-json\/wp\/v2\/pages"}],"about":[{"href":"https:\/\/rugbyhospitalet.cat\/index.php\/wp-json\/wp\/v2\/types\/page"}],"author":[{"embeddable":true,"href":"https:\/\/rugbyhospitalet.cat\/index.php\/wp-json\/wp\/v2\/users\/17"}],"replies":[{"embeddable":true,"href":"https:\/\/rugbyhospitalet.cat\/index.php\/wp-json\/wp\/v2\/comments?post=8821"}],"version-history":[{"count":43,"href":"https:\/\/rugbyhospitalet.cat\/index.php\/wp-json\/wp\/v2\/pages\/8821\/revisions"}],"predecessor-version":[{"id":14066,"href":"https:\/\/rugbyhospitalet.cat\/index.php\/wp-json\/wp\/v2\/pages\/8821\/revisions\/14066"}],"up":[{"embeddable":true,"href":"https:\/\/rugbyhospitalet.cat\/index.php\/wp-json\/wp\/v2\/pages\/8817"}],"wp:attachment":[{"href":"https:\/\/rugbyhospitalet.cat\/index.php\/wp-json\/wp\/v2\/media?parent=8821"}],"curies":[{"name":"wp","href":"https:\/\/api.w.org\/{rel}","templated":true}]}}